{"id":7,"date":"2022-03-09T18:36:14","date_gmt":"2022-03-09T17:36:14","guid":{"rendered":"https:\/\/ristorosolena.it\/?page_id=7"},"modified":"2025-06-19T19:02:25","modified_gmt":"2025-06-19T17:02:25","slug":"chi-siamo","status":"publish","type":"page","link":"https:\/\/ristorosolena.it\/?page_id=7","title":{"rendered":"Chi siamo"},"content":{"rendered":"<p>[et_pb_section fb_built=&#8221;1&#8243; custom_padding_last_edited=&#8221;on|desktop&#8221; _builder_version=&#8221;4.16&#8243; _module_preset=&#8221;default&#8221; background_color=&#8221;rgba(0,0,0,0.59)&#8221; background_image=&#8221;https:\/\/ristorosolena.it\/wp-content\/uploads\/2022\/03\/Ristoro-Solena-foto5.jpg&#8221; background_blend=&#8221;multiply&#8221; custom_padding=&#8221;299px||299px||true|&#8221; custom_padding_tablet=&#8221;200px||200px||true|false&#8221; custom_padding_phone=&#8221;252px||119px||false|false&#8221; border_color_top=&#8221;RGBA(255,255,255,0)&#8221; border_color_bottom=&#8221;RGBA(255,255,255,0)&#8221; border_style_bottom=&#8221;outset&#8221; global_colors_info=&#8221;{}&#8221;][et_pb_row _builder_version=&#8221;4.16&#8243; _module_preset=&#8221;default&#8221; global_colors_info=&#8221;{}&#8221;][et_pb_column type=&#8221;4_4&#8243; _builder_version=&#8221;4.16&#8243; _module_preset=&#8221;default&#8221; global_colors_info=&#8221;{}&#8221;][et_pb_text _builder_version=&#8221;4.16&#8243; _module_preset=&#8221;default&#8221; text_font=&#8221;Bilbo Swash Caps|700|||||||&#8221; text_text_color=&#8221;#FFFFFF&#8221; text_font_size=&#8221;97px&#8221; text_line_height=&#8221;1em&#8221; text_font_size_tablet=&#8221;97px&#8221; text_font_size_phone=&#8221;50px&#8221; text_font_size_last_edited=&#8221;on|desktop&#8221; text_line_height_tablet=&#8221;1em&#8221; text_line_height_phone=&#8221;1em&#8221; text_line_height_last_edited=&#8221;on|desktop&#8221; text_text_shadow_style=&#8221;preset1&#8243; global_colors_info=&#8221;{}&#8221;]<\/p>\n<p>Un posto come nessun altro<\/p>\n<p>[\/et_pb_text][et_pb_text _builder_version=&#8221;4.16&#8243; _module_preset=&#8221;default&#8221; header_text_color=&#8221;#FFFFFF&#8221; header_font_size=&#8221;22px&#8221; header_line_height=&#8221;1.4em&#8221; custom_margin=&#8221;||0px||false|false&#8221; custom_margin_tablet=&#8221;||0px||false|false&#8221; custom_margin_phone=&#8221;||0px||false|false&#8221; custom_margin_last_edited=&#8221;on|desktop&#8221; custom_padding=&#8221;||||false|false&#8221; custom_padding_tablet=&#8221;||||false|false&#8221; custom_padding_phone=&#8221;||||false|false&#8221; custom_padding_last_edited=&#8221;on|desktop&#8221; header_text_align_tablet=&#8221;&#8221; header_text_align_phone=&#8221;&#8221; header_text_align_last_edited=&#8221;on|desktop&#8221; header_font_size_tablet=&#8221;20px&#8221; header_font_size_phone=&#8221;18px&#8221; header_font_size_last_edited=&#8221;on|phone&#8221; header_letter_spacing_tablet=&#8221;&#8221; header_letter_spacing_phone=&#8221;&#8221; header_letter_spacing_last_edited=&#8221;on|desktop&#8221; header_line_height_tablet=&#8221;&#8221; header_line_height_phone=&#8221;&#8221; header_line_height_last_edited=&#8221;on|desktop&#8221; global_colors_info=&#8221;{%22gcid-4ae55a87-173f-4b37-b42c-bfdc4f63c3da%22:%91%22header_text_color%22%93}&#8221;]<\/p>\n<h1>Il rifugio solena venne costruito nel 1970 dalla famiglia Martinelli e tuttora viene gestito dalla stessa. Anselmo, il capo famiglia, amava tanto la sua Val Fraele dove aveva passato l\u2019infanzia con genitori, fratelli e zii quando ancora non erano presenti le grandi dighe costruite in valle. Tuttora la famiglia si impegna nella conduzione del rifugio con lo stesso entusiasmo e la stessa dedizione messi in luce ben 50 anni fa.<\/h1>\n<p>&nbsp;<\/p>\n<p>&nbsp;<\/p>\n<p>[\/et_pb_text][et_pb_button button_url=&#8221;#contatti&#8221; button_text=&#8221;CONTATTACI&#8221; button_alignment=&#8221;left&#8221; _builder_version=&#8221;4.16&#8243; _module_preset=&#8221;default&#8221; custom_button=&#8221;on&#8221; button_text_size=&#8221;18px&#8221; button_text_color=&#8221;#FFFFFF&#8221; button_bg_color=&#8221;#ed9436&#8243; button_border_width=&#8221;0px&#8221; button_border_radius=&#8221;6px&#8221; button_letter_spacing=&#8221;2px&#8221; button_font=&#8221;|||on|||||&#8221; custom_padding=&#8221;|30px||30px|false|false&#8221; custom_padding_tablet=&#8221;|30px||30px|false|false&#8221; custom_padding_phone=&#8221;|15px||15px|false|true&#8221; custom_padding_last_edited=&#8221;on|desktop&#8221; button_text_size_tablet=&#8221;16px&#8221; button_text_size_phone=&#8221;14px&#8221; button_text_size_last_edited=&#8221;on|phone&#8221; button_letter_spacing_tablet=&#8221;2px&#8221; button_letter_spacing_phone=&#8221;2px&#8221; button_letter_spacing_last_edited=&#8221;on|desktop&#8221; locked=&#8221;off&#8221; global_colors_info=&#8221;{}&#8221;][\/et_pb_button][\/et_pb_column][\/et_pb_row][\/et_pb_section][et_pb_section fb_built=&#8221;1&#8243; custom_padding_last_edited=&#8221;on|phone&#8221; _builder_version=&#8221;4.16&#8243; _module_preset=&#8221;default&#8221; custom_margin_tablet=&#8221;&#8221; custom_margin_phone=&#8221;&#8221; custom_margin_last_edited=&#8221;on|desktop&#8221; custom_padding=&#8221;169px||170px||false|false&#8221; custom_padding_tablet=&#8221;150px||170px||false|false&#8221; custom_padding_phone=&#8221;60px||80px||false|false&#8221; global_colors_info=&#8221;{}&#8221;][et_pb_row _builder_version=&#8221;4.16&#8243; _module_preset=&#8221;default&#8221; global_colors_info=&#8221;{}&#8221;][et_pb_column type=&#8221;4_4&#8243; _builder_version=&#8221;4.16&#8243; _module_preset=&#8221;default&#8221; global_colors_info=&#8221;{}&#8221;][et_pb_text _builder_version=&#8221;4.16&#8243; _module_preset=&#8221;default&#8221; text_font=&#8221;|700|||||||&#8221; text_text_color=&#8221;#515151&#8243; text_font_size=&#8221;44px&#8221; text_line_height=&#8221;1em&#8221; width=&#8221;100%&#8221; text_font_size_tablet=&#8221;36px&#8221; text_font_size_phone=&#8221;30px&#8221; text_font_size_last_edited=&#8221;on|phone&#8221; text_line_height_tablet=&#8221;1em&#8221; text_line_height_phone=&#8221;1em&#8221; text_line_height_last_edited=&#8221;on|desktop&#8221; locked=&#8221;off&#8221; global_colors_info=&#8221;{}&#8221;]<\/p>\n<p>Dal 1800..<\/p>\n<p>[\/et_pb_text][et_pb_text _builder_version=&#8221;4.16&#8243; _module_preset=&#8221;default&#8221; text_font=&#8221;|300|||||||&#8221; text_font_size=&#8221;20px&#8221; text_line_height=&#8221;1.6em&#8221; text_font_size_tablet=&#8221;20px&#8221; text_font_size_phone=&#8221;18px&#8221; text_font_size_last_edited=&#8221;on|phone&#8221; text_line_height_tablet=&#8221;1.6em&#8221; text_line_height_phone=&#8221;1.4em&#8221; text_line_height_last_edited=&#8221;on|phone&#8221; global_colors_info=&#8221;{}&#8221;]<\/p>\n<p>Nell\u2019800 alcune famiglie dal fondovalle salivano in Val Fraele in tarda primavera e si fermavano fino in autunno occupandosi delle bestie, dei prati e dei boschi. La vita allora era molto dura per tutti e anche i ragazzini davano una mano in casa, soldi ce n\u2019erano pochi e anche il lavoro fuori casa scarseggiava.<br \/>Il paesaggio di prati, pascoli e piccole baite di pastori si trasform\u00f2 negli anni \u201920: l\u2019Azienda elettrica municipale (AEM) decise che la vallata era l\u2019ideale per il suo grande progetto.<\/p>\n<p>[\/et_pb_text][\/et_pb_column][\/et_pb_row][et_pb_row column_structure=&#8221;1_3,1_3,1_3&#8243; _builder_version=&#8221;4.16&#8243; _module_preset=&#8221;default&#8221; global_colors_info=&#8221;{}&#8221;][et_pb_column type=&#8221;1_3&#8243; _builder_version=&#8221;4.16&#8243; _module_preset=&#8221;default&#8221; global_colors_info=&#8221;{}&#8221;][et_pb_image src=&#8221;https:\/\/ristorosolena.it\/wp-content\/uploads\/2022\/03\/Ristoro-Solena-Storia-3.jpg&#8221; title_text=&#8221;Ristoro-Solena-Storia-3&#8243; _builder_version=&#8221;4.16&#8243; _module_preset=&#8221;default&#8221; custom_margin=&#8221;||8px|||&#8221; filter_saturate=&#8221;98%&#8221; filter_contrast=&#8221;111%&#8221; border_radii=&#8221;on|10px|10px|10px|10px&#8221; border_width_all=&#8221;1px&#8221; border_color_all=&#8221;#939393&#8243; global_colors_info=&#8221;{}&#8221;][\/et_pb_image][\/et_pb_column][et_pb_column type=&#8221;1_3&#8243; _builder_version=&#8221;4.16&#8243; _module_preset=&#8221;default&#8221; global_colors_info=&#8221;{}&#8221;][et_pb_image src=&#8221;https:\/\/ristorosolena.it\/wp-content\/uploads\/2022\/03\/Ristoro-Solena-Storia-4.jpg&#8221; title_text=&#8221;Ristoro-Solena-Storia-4&#8243; _builder_version=&#8221;4.16&#8243; _module_preset=&#8221;default&#8221; custom_margin=&#8221;||8px|||&#8221; filter_saturate=&#8221;98%&#8221; filter_contrast=&#8221;111%&#8221; border_radii=&#8221;on|10px|10px|10px|10px&#8221; border_width_all=&#8221;1px&#8221; border_color_all=&#8221;#939393&#8243; global_colors_info=&#8221;{}&#8221;][\/et_pb_image][\/et_pb_column][et_pb_column type=&#8221;1_3&#8243; _builder_version=&#8221;4.16&#8243; _module_preset=&#8221;default&#8221; global_colors_info=&#8221;{}&#8221;][et_pb_image src=&#8221;https:\/\/ristorosolena.it\/wp-content\/uploads\/2022\/03\/Ristoro-Solena-Storia-2.jpg&#8221; title_text=&#8221;Ristoro-Solena-Storia-2&#8243; _builder_version=&#8221;4.16&#8243; _module_preset=&#8221;default&#8221; custom_margin=&#8221;||8px|||&#8221; filter_saturate=&#8221;98%&#8221; filter_contrast=&#8221;111%&#8221; border_radii=&#8221;on|10px|10px|10px|10px&#8221; border_width_all=&#8221;1px&#8221; border_color_all=&#8221;#939393&#8243; global_colors_info=&#8221;{}&#8221;][\/et_pb_image][\/et_pb_column][\/et_pb_row][et_pb_row _builder_version=&#8221;4.16&#8243; _module_preset=&#8221;default&#8221; global_colors_info=&#8221;{}&#8221;][et_pb_column type=&#8221;4_4&#8243; _builder_version=&#8221;4.16&#8243; _module_preset=&#8221;default&#8221; global_colors_info=&#8221;{}&#8221;][et_pb_text _builder_version=&#8221;4.16&#8243; _module_preset=&#8221;default&#8221; text_font=&#8221;|300|||||||&#8221; text_font_size=&#8221;20px&#8221; text_line_height=&#8221;1.6em&#8221; text_font_size_tablet=&#8221;20px&#8221; text_font_size_phone=&#8221;18px&#8221; text_font_size_last_edited=&#8221;on|phone&#8221; text_line_height_tablet=&#8221;1.6em&#8221; text_line_height_phone=&#8221;1.4em&#8221; text_line_height_last_edited=&#8221;on|phone&#8221; global_colors_info=&#8221;{}&#8221;]<\/p>\n<p>La prima diga di Cancano venne completata nel 1933, a seguito dei lavori intrapresi nel 1925. Essa era del tipo ad arco-gravit\u00e0 e avrebbe dovuto alimentare la piccola centrale elettrica di Fraele. Questo piccolo invaso si rivel\u00f2 per\u00f2 insufficiente e venne compensato con la nuova diga di San Giacomo, costruita pi\u00f9 a monte.<br \/>A seguito della crescente domanda di elettricit\u00e0 l\u2019Azienda Elettrica Municipale di Milano decise di realizzare una nuova diga. I lavori cominciarono nel 1953 e terminarono tre anni dopo nel 1956, serrando la valle a quota 1900 metri sul livello del mare attraverso la costruzione di uno sbarramento con la modalit\u00e0 dell\u2019arco a gravit\u00e0, gi\u00e0 utilizzato per la vecchia diga di Cancano I.<\/p>\n<p>[\/et_pb_text][\/et_pb_column][\/et_pb_row][et_pb_row _builder_version=&#8221;4.16&#8243; _module_preset=&#8221;default&#8221; custom_padding=&#8221;27px|||||&#8221; locked=&#8221;off&#8221; global_colors_info=&#8221;{}&#8221;][et_pb_column type=&#8221;4_4&#8243; _builder_version=&#8221;4.16&#8243; _module_preset=&#8221;default&#8221; global_colors_info=&#8221;{}&#8221;][et_pb_button button_url=&#8221;#contatti&#8221; button_text=&#8221;CONTATTACI&#8221; button_alignment=&#8221;left&#8221; _builder_version=&#8221;4.16&#8243; _module_preset=&#8221;default&#8221; custom_button=&#8221;on&#8221; button_text_size=&#8221;18px&#8221; button_text_color=&#8221;#FFFFFF&#8221; button_bg_color=&#8221;#ed9436&#8243; button_border_width=&#8221;0px&#8221; button_border_radius=&#8221;6px&#8221; button_letter_spacing=&#8221;2px&#8221; button_font=&#8221;|||on|||||&#8221; custom_padding=&#8221;|30px||30px|false|false&#8221; custom_padding_tablet=&#8221;|30px||30px|false|false&#8221; custom_padding_phone=&#8221;|15px||15px|false|true&#8221; custom_padding_last_edited=&#8221;on|desktop&#8221; button_text_size_tablet=&#8221;16px&#8221; button_text_size_phone=&#8221;14px&#8221; button_text_size_last_edited=&#8221;on|phone&#8221; button_letter_spacing_tablet=&#8221;2px&#8221; button_letter_spacing_phone=&#8221;2px&#8221; button_letter_spacing_last_edited=&#8221;on|desktop&#8221; global_colors_info=&#8221;{}&#8221;][\/et_pb_button][\/et_pb_column][\/et_pb_row][\/et_pb_section][et_pb_section fb_built=&#8221;1&#8243; _builder_version=&#8221;4.16&#8243; _module_preset=&#8221;default&#8221; custom_margin=&#8221;0px||0px||false|false&#8221; custom_padding=&#8221;0px||0px||false|false&#8221; top_divider_height=&#8221;0px&#8221; top_divider_repeat=&#8221;1x&#8221; bottom_divider_height=&#8221;0px&#8221; border_width_top=&#8221;5px&#8221; border_color_top=&#8221;#ED9436&#8243; border_color_bottom=&#8221;#ED9436&#8243; global_colors_info=&#8221;{}&#8221;][et_pb_row column_structure=&#8221;1_4,1_4,1_4,1_4&#8243; use_custom_gutter=&#8221;on&#8221; gutter_width=&#8221;1&#8243; make_equal=&#8221;on&#8221; _builder_version=&#8221;4.16&#8243; _module_preset=&#8221;default&#8221; width=&#8221;100%&#8221; max_width=&#8221;100%&#8221; custom_margin=&#8221;0px||0px||false|false&#8221; custom_padding=&#8221;0px||0px||false|false&#8221; global_colors_info=&#8221;{}&#8221;][et_pb_column type=&#8221;1_4&#8243; _builder_version=&#8221;4.16&#8243; _module_preset=&#8221;default&#8221; global_colors_info=&#8221;{}&#8221;][et_pb_image src=&#8221;https:\/\/ristorosolena.it\/wp-content\/uploads\/2022\/03\/solema-013.jpg&#8221; title_text=&#8221;solema-013&#8243; _builder_version=&#8221;4.16&#8243; _module_preset=&#8221;default&#8221; global_colors_info=&#8221;{}&#8221;][\/et_pb_image][\/et_pb_column][et_pb_column type=&#8221;1_4&#8243; _builder_version=&#8221;4.16&#8243; _module_preset=&#8221;default&#8221; global_colors_info=&#8221;{}&#8221;][et_pb_image src=&#8221;https:\/\/ristorosolena.it\/wp-content\/uploads\/2022\/03\/solema-014.jpg&#8221; title_text=&#8221;solema-014&#8243; _builder_version=&#8221;4.16&#8243; _module_preset=&#8221;default&#8221; global_colors_info=&#8221;{}&#8221;][\/et_pb_image][\/et_pb_column][et_pb_column type=&#8221;1_4&#8243; _builder_version=&#8221;4.16&#8243; _module_preset=&#8221;default&#8221; global_colors_info=&#8221;{}&#8221;][et_pb_image src=&#8221;https:\/\/ristorosolena.it\/wp-content\/uploads\/2022\/03\/solema-012.jpg&#8221; title_text=&#8221;solema-012&#8243; _builder_version=&#8221;4.16&#8243; _module_preset=&#8221;default&#8221; global_colors_info=&#8221;{}&#8221;][\/et_pb_image][\/et_pb_column][et_pb_column type=&#8221;1_4&#8243; _builder_version=&#8221;4.16&#8243; _module_preset=&#8221;default&#8221; global_colors_info=&#8221;{}&#8221;][et_pb_image src=&#8221;https:\/\/ristorosolena.it\/wp-content\/uploads\/2022\/03\/solema-01.jpg&#8221; title_text=&#8221;solema-01&#8243; _builder_version=&#8221;4.16&#8243; _module_preset=&#8221;default&#8221; global_colors_info=&#8221;{}&#8221;][\/et_pb_image][\/et_pb_column][\/et_pb_row][\/et_pb_section][et_pb_section fb_built=&#8221;1&#8243; custom_padding_last_edited=&#8221;on|phone&#8221; module_id=&#8221;attivita&#8221; _builder_version=&#8221;4.17.5&#8243; _module_preset=&#8221;default&#8221; background_color=&#8221;#ededed&#8221; custom_margin_tablet=&#8221;&#8221; custom_margin_phone=&#8221;&#8221; custom_margin_last_edited=&#8221;on|desktop&#8221; custom_padding=&#8221;116px||126px||false|false&#8221; custom_padding_tablet=&#8221;150px||170px||false|false&#8221; custom_padding_phone=&#8221;60px||80px||false|false&#8221; global_module=&#8221;281&#8243; saved_tabs=&#8221;all&#8221; locked=&#8221;off&#8221; global_colors_info=&#8221;{}&#8221;][et_pb_row _builder_version=&#8221;4.16&#8243; _module_preset=&#8221;default&#8221; global_colors_info=&#8221;{}&#8221;][et_pb_column type=&#8221;4_4&#8243; _builder_version=&#8221;4.16&#8243; _module_preset=&#8221;default&#8221; global_colors_info=&#8221;{}&#8221;][et_pb_text _builder_version=&#8221;4.16&#8243; _module_preset=&#8221;default&#8221; text_font=&#8221;|700|||||||&#8221; text_text_color=&#8221;#515151&#8243; text_font_size=&#8221;44px&#8221; text_line_height=&#8221;1em&#8221; width=&#8221;100%&#8221; text_font_size_tablet=&#8221;36px&#8221; text_font_size_phone=&#8221;30px&#8221; text_font_size_last_edited=&#8221;on|phone&#8221; text_line_height_tablet=&#8221;1em&#8221; text_line_height_phone=&#8221;1em&#8221; text_line_height_last_edited=&#8221;on|desktop&#8221; locked=&#8221;off&#8221; global_colors_info=&#8221;{}&#8221;]<\/p>\n<p>Attivit\u00e0 che potrai fare<\/p>\n<p>[\/et_pb_text][\/et_pb_column][\/et_pb_row][et_pb_row column_structure=&#8221;1_3,1_3,1_3&#8243; _builder_version=&#8221;4.16&#8243; _module_preset=&#8221;default&#8221; locked=&#8221;off&#8221; global_colors_info=&#8221;{}&#8221;][et_pb_column type=&#8221;1_3&#8243; _builder_version=&#8221;4.16&#8243; _module_preset=&#8221;default&#8221; global_colors_info=&#8221;{}&#8221;][et_pb_image src=&#8221;https:\/\/ristorosolena.it\/wp-content\/uploads\/2025\/06\/Spezzatino_2.jpg&#8221; title_text=&#8221;Spezzatino_2&#8243; _builder_version=&#8221;4.17.5&#8243; _module_preset=&#8221;default&#8221; custom_margin=&#8221;||8px|||&#8221; filter_saturate=&#8221;98%&#8221; filter_contrast=&#8221;111%&#8221; border_radii=&#8221;on|10px|10px|10px|10px&#8221; border_color_all=&#8221;RGBA(255,255,255,0)&#8221; global_colors_info=&#8221;{}&#8221;][\/et_pb_image][et_pb_text _builder_version=&#8221;4.16&#8243; _module_preset=&#8221;default&#8221; header_text_color=&#8221;#565656&#8243; header_font_size=&#8221;20px&#8221; header_letter_spacing=&#8221;-1px&#8221; header_line_height=&#8221;1.4em&#8221; custom_margin=&#8221;||0px||false|false&#8221; custom_margin_tablet=&#8221;||0px||false|false&#8221; custom_margin_phone=&#8221;||0px||false|false&#8221; custom_margin_last_edited=&#8221;on|desktop&#8221; custom_padding=&#8221;||||false|false&#8221; custom_padding_tablet=&#8221;||||false|false&#8221; custom_padding_phone=&#8221;||||false|false&#8221; custom_padding_last_edited=&#8221;on|desktop&#8221; header_text_align_tablet=&#8221;&#8221; header_text_align_phone=&#8221;&#8221; header_text_align_last_edited=&#8221;on|desktop&#8221; header_font_size_tablet=&#8221;20px&#8221; header_font_size_phone=&#8221;22px&#8221; header_font_size_last_edited=&#8221;on|desktop&#8221; header_letter_spacing_tablet=&#8221;-1px&#8221; header_letter_spacing_phone=&#8221;-1px&#8221; header_letter_spacing_last_edited=&#8221;on|phone&#8221; header_line_height_tablet=&#8221;&#8221; header_line_height_phone=&#8221;&#8221; header_line_height_last_edited=&#8221;on|desktop&#8221; global_colors_info=&#8221;{%22gcid-4ae55a87-173f-4b37-b42c-bfdc4f63c3da%22:%91%22header_text_color%22%93}&#8221;]<\/p>\n<h1>Ristorante<\/h1>\n<p>[\/et_pb_text][et_pb_text _builder_version=&#8221;4.16&#8243; _module_preset=&#8221;default&#8221; text_font=&#8221;||||||||&#8221; text_text_color=&#8221;#7a7a7a&#8221; text_font_size=&#8221;15px&#8221; text_line_height=&#8221;1.3em&#8221; text_font_size_tablet=&#8221;15px&#8221; text_font_size_phone=&#8221;15px&#8221; text_font_size_last_edited=&#8221;on|desktop&#8221; text_line_height_tablet=&#8221;1.3em&#8221; text_line_height_phone=&#8221;1.3em&#8221; text_line_height_last_edited=&#8221;on|desktop&#8221; global_colors_info=&#8221;{}&#8221;]Cucina valtellinese e ricerca delle materie prime. Voglia di non fermarsi alle sole ricette casalinghe ma sperimentare anche piatti nuovi.[\/et_pb_text][\/et_pb_column][et_pb_column type=&#8221;1_3&#8243; _builder_version=&#8221;4.16&#8243; _module_preset=&#8221;default&#8221; global_colors_info=&#8221;{}&#8221;][et_pb_image src=&#8221;https:\/\/ristorosolena.it\/wp-content\/uploads\/2025\/06\/5927150569397536839.jpg&#8221; title_text=&#8221;5927150569397536839&#8243; _builder_version=&#8221;4.17.5&#8243; _module_preset=&#8221;default&#8221; custom_margin=&#8221;||8px|||&#8221; filter_saturate=&#8221;98%&#8221; filter_contrast=&#8221;111%&#8221; border_radii=&#8221;on|10px|10px|10px|10px&#8221; border_color_all=&#8221;RGBA(255,255,255,0)&#8221; global_colors_info=&#8221;{}&#8221;][\/et_pb_image][et_pb_text _builder_version=&#8221;4.16&#8243; _module_preset=&#8221;default&#8221; header_text_color=&#8221;#565656&#8243; header_font_size=&#8221;20px&#8221; header_letter_spacing=&#8221;-1px&#8221; header_line_height=&#8221;1.4em&#8221; custom_margin=&#8221;||0px||false|false&#8221; custom_margin_tablet=&#8221;||0px||false|false&#8221; custom_margin_phone=&#8221;||0px||false|false&#8221; custom_margin_last_edited=&#8221;on|desktop&#8221; custom_padding=&#8221;||||false|false&#8221; custom_padding_tablet=&#8221;||||false|false&#8221; custom_padding_phone=&#8221;||||false|false&#8221; custom_padding_last_edited=&#8221;on|desktop&#8221; header_text_align_tablet=&#8221;&#8221; header_text_align_phone=&#8221;&#8221; header_text_align_last_edited=&#8221;on|desktop&#8221; header_font_size_tablet=&#8221;20px&#8221; header_font_size_phone=&#8221;22px&#8221; header_font_size_last_edited=&#8221;on|desktop&#8221; header_letter_spacing_tablet=&#8221;-1px&#8221; header_letter_spacing_phone=&#8221;-1px&#8221; header_letter_spacing_last_edited=&#8221;on|phone&#8221; header_line_height_tablet=&#8221;&#8221; header_line_height_phone=&#8221;&#8221; header_line_height_last_edited=&#8221;on|desktop&#8221; global_colors_info=&#8221;{%22gcid-4ae55a87-173f-4b37-b42c-bfdc4f63c3da%22:%91%22header_text_color%22%93}&#8221;]<\/p>\n<h1>Bar<\/h1>\n<p>[\/et_pb_text][et_pb_text _builder_version=&#8221;4.16&#8243; _module_preset=&#8221;default&#8221; text_font=&#8221;||||||||&#8221; text_text_color=&#8221;#7a7a7a&#8221; text_font_size=&#8221;15px&#8221; text_line_height=&#8221;1.3em&#8221; text_font_size_tablet=&#8221;15px&#8221; text_font_size_phone=&#8221;15px&#8221; text_font_size_last_edited=&#8221;on|desktop&#8221; text_line_height_tablet=&#8221;1.3em&#8221; text_line_height_phone=&#8221;1.3em&#8221; text_line_height_last_edited=&#8221;on|desktop&#8221; global_colors_info=&#8221;{}&#8221;]Ricca scelta di birre artigianali, vini valtellinesi di case vinicole importanti, grappe e amari del territorio e torte fatte in casa.[\/et_pb_text][\/et_pb_column][et_pb_column type=&#8221;1_3&#8243; _builder_version=&#8221;4.16&#8243; _module_preset=&#8221;default&#8221; global_colors_info=&#8221;{}&#8221;][et_pb_image src=&#8221;https:\/\/ristorosolena.it\/wp-content\/uploads\/2022\/03\/vista.jpg&#8221; title_text=&#8221;vista&#8221; _builder_version=&#8221;4.16&#8243; _module_preset=&#8221;default&#8221; custom_margin=&#8221;||8px|||&#8221; filter_saturate=&#8221;98%&#8221; filter_contrast=&#8221;111%&#8221; border_radii=&#8221;on|10px|10px|10px|10px&#8221; border_color_all=&#8221;RGBA(255,255,255,0)&#8221; global_colors_info=&#8221;{}&#8221;][\/et_pb_image][et_pb_text _builder_version=&#8221;4.16&#8243; _module_preset=&#8221;default&#8221; header_text_color=&#8221;#565656&#8243; header_font_size=&#8221;20px&#8221; header_letter_spacing=&#8221;-1px&#8221; header_line_height=&#8221;1.4em&#8221; custom_margin=&#8221;||0px||false|false&#8221; custom_margin_tablet=&#8221;||0px||false|false&#8221; custom_margin_phone=&#8221;||0px||false|false&#8221; custom_margin_last_edited=&#8221;on|desktop&#8221; custom_padding=&#8221;||||false|false&#8221; custom_padding_tablet=&#8221;||||false|false&#8221; custom_padding_phone=&#8221;||||false|false&#8221; custom_padding_last_edited=&#8221;on|desktop&#8221; header_text_align_tablet=&#8221;&#8221; header_text_align_phone=&#8221;&#8221; header_text_align_last_edited=&#8221;on|desktop&#8221; header_font_size_tablet=&#8221;20px&#8221; header_font_size_phone=&#8221;22px&#8221; header_font_size_last_edited=&#8221;on|desktop&#8221; header_letter_spacing_tablet=&#8221;-1px&#8221; header_letter_spacing_phone=&#8221;-1px&#8221; header_letter_spacing_last_edited=&#8221;on|phone&#8221; header_line_height_tablet=&#8221;&#8221; header_line_height_phone=&#8221;&#8221; header_line_height_last_edited=&#8221;on|desktop&#8221; global_colors_info=&#8221;{%22gcid-4ae55a87-173f-4b37-b42c-bfdc4f63c3da%22:%91%22header_text_color%22%93}&#8221;]<\/p>\n<h1>\nTerrazza esterna e solarium<\/h1>\n<p>[\/et_pb_text][et_pb_text _builder_version=&#8221;4.16&#8243; _module_preset=&#8221;default&#8221; text_font=&#8221;||||||||&#8221; text_text_color=&#8221;#7a7a7a&#8221; text_font_size=&#8221;15px&#8221; text_line_height=&#8221;1.3em&#8221; text_font_size_tablet=&#8221;15px&#8221; text_font_size_phone=&#8221;15px&#8221; text_font_size_last_edited=&#8221;on|desktop&#8221; text_line_height_tablet=&#8221;1.3em&#8221; text_line_height_phone=&#8221;1.3em&#8221; text_line_height_last_edited=&#8221;on|desktop&#8221; global_colors_info=&#8221;{}&#8221;]\u00c8 possibile mangiare all\u2019esterno e farlo all\u2019interno del bosco pu\u00f2 risultare un\u2019esperienza nuova dove si apprezzi natura e buon cibo insieme.[\/et_pb_text][\/et_pb_column][\/et_pb_row][et_pb_row column_structure=&#8221;1_3,1_3,1_3&#8243; _builder_version=&#8221;4.16&#8243; _module_preset=&#8221;default&#8221; custom_margin=&#8221;|422px||auto||&#8221; global_colors_info=&#8221;{}&#8221;][et_pb_column type=&#8221;1_3&#8243; _builder_version=&#8221;4.16&#8243; _module_preset=&#8221;default&#8221; global_colors_info=&#8221;{}&#8221;][et_pb_image src=&#8221;https:\/\/ristorosolena.it\/wp-content\/uploads\/2022\/07\/Ristoro-Solena-mini-foto56.jpg&#8221; title_text=&#8221;Ristoro-Solena-mini-foto56&#8243; _builder_version=&#8221;4.16&#8243; _module_preset=&#8221;default&#8221; custom_margin=&#8221;||8px|||&#8221; filter_saturate=&#8221;98%&#8221; filter_contrast=&#8221;111%&#8221; border_radii=&#8221;on|10px|10px|10px|10px&#8221; border_color_all=&#8221;RGBA(255,255,255,0)&#8221; global_colors_info=&#8221;{}&#8221;][\/et_pb_image][et_pb_text _builder_version=&#8221;4.16&#8243; _module_preset=&#8221;default&#8221; header_text_color=&#8221;#565656&#8243; header_font_size=&#8221;20px&#8221; header_letter_spacing=&#8221;-1px&#8221; header_line_height=&#8221;1.4em&#8221; custom_margin=&#8221;||0px||false|false&#8221; custom_margin_tablet=&#8221;||0px||false|false&#8221; custom_margin_phone=&#8221;||0px||false|false&#8221; custom_margin_last_edited=&#8221;on|desktop&#8221; custom_padding=&#8221;||||false|false&#8221; custom_padding_tablet=&#8221;||||false|false&#8221; custom_padding_phone=&#8221;||||false|false&#8221; custom_padding_last_edited=&#8221;on|desktop&#8221; header_text_align_tablet=&#8221;&#8221; header_text_align_phone=&#8221;&#8221; header_text_align_last_edited=&#8221;on|desktop&#8221; header_font_size_tablet=&#8221;20px&#8221; header_font_size_phone=&#8221;22px&#8221; header_font_size_last_edited=&#8221;on|desktop&#8221; header_letter_spacing_tablet=&#8221;-1px&#8221; header_letter_spacing_phone=&#8221;-1px&#8221; header_letter_spacing_last_edited=&#8221;on|phone&#8221; header_line_height_tablet=&#8221;&#8221; header_line_height_phone=&#8221;&#8221; header_line_height_last_edited=&#8221;on|desktop&#8221; global_colors_info=&#8221;{%22gcid-4ae55a87-173f-4b37-b42c-bfdc4f63c3da%22:%91%22header_text_color%22%93}&#8221;]<\/p>\n<h1>Pesca sportiva<\/h1>\n<p>[\/et_pb_text][et_pb_text _builder_version=&#8221;4.16&#8243; _module_preset=&#8221;default&#8221; text_font=&#8221;||||||||&#8221; text_text_color=&#8221;#7a7a7a&#8221; text_font_size=&#8221;15px&#8221; text_line_height=&#8221;1.3em&#8221; text_font_size_tablet=&#8221;15px&#8221; text_font_size_phone=&#8221;15px&#8221; text_font_size_last_edited=&#8221;on|desktop&#8221; text_line_height_tablet=&#8221;1.3em&#8221; text_line_height_phone=&#8221;1.3em&#8221; text_line_height_last_edited=&#8221;on|desktop&#8221; global_colors_info=&#8221;{}&#8221;]<\/p>\n<div class=\"page\" title=\"Page 2\">\n<div class=\"layoutArea\">\n<div class=\"column\">\n<p><span>Nello scenografico lago delle Scale e nel lago di Cancano e\u0300 possibile praticare la pesca di salmerini e stupende trote. <\/span><\/p>\n<\/div>\n<\/div>\n<\/div>\n<p>[\/et_pb_text][\/et_pb_column][et_pb_column type=&#8221;1_3&#8243; _builder_version=&#8221;4.16&#8243; _module_preset=&#8221;default&#8221; global_colors_info=&#8221;{}&#8221;][et_pb_image src=&#8221;https:\/\/ristorosolena.it\/wp-content\/uploads\/2022\/03\/Ristoro-Solena-mini-foto5.jpg&#8221; title_text=&#8221;Ristoro-Solena-mini-foto5&#8243; _builder_version=&#8221;4.16&#8243; _module_preset=&#8221;default&#8221; custom_margin=&#8221;||8px|||&#8221; filter_saturate=&#8221;98%&#8221; filter_contrast=&#8221;111%&#8221; border_radii=&#8221;on|10px|10px|10px|10px&#8221; border_color_all=&#8221;RGBA(255,255,255,0)&#8221; global_colors_info=&#8221;{}&#8221;][\/et_pb_image][et_pb_text _builder_version=&#8221;4.16&#8243; _module_preset=&#8221;default&#8221; header_text_color=&#8221;#565656&#8243; header_font_size=&#8221;20px&#8221; header_letter_spacing=&#8221;-1px&#8221; header_line_height=&#8221;1.4em&#8221; custom_margin=&#8221;||0px||false|false&#8221; custom_margin_tablet=&#8221;||0px||false|false&#8221; custom_margin_phone=&#8221;||0px||false|false&#8221; custom_margin_last_edited=&#8221;on|desktop&#8221; custom_padding=&#8221;||||false|false&#8221; custom_padding_tablet=&#8221;||||false|false&#8221; custom_padding_phone=&#8221;||||false|false&#8221; custom_padding_last_edited=&#8221;on|desktop&#8221; header_text_align_tablet=&#8221;&#8221; header_text_align_phone=&#8221;&#8221; header_text_align_last_edited=&#8221;on|desktop&#8221; header_font_size_tablet=&#8221;20px&#8221; header_font_size_phone=&#8221;22px&#8221; header_font_size_last_edited=&#8221;on|desktop&#8221; header_letter_spacing_tablet=&#8221;-1px&#8221; header_letter_spacing_phone=&#8221;-1px&#8221; header_letter_spacing_last_edited=&#8221;on|phone&#8221; header_line_height_tablet=&#8221;&#8221; header_line_height_phone=&#8221;&#8221; header_line_height_last_edited=&#8221;on|desktop&#8221; global_colors_info=&#8221;{%22gcid-4ae55a87-173f-4b37-b42c-bfdc4f63c3da%22:%91%22header_text_color%22%93}&#8221;]<\/p>\n<h1>Mountainbike<\/h1>\n<p>[\/et_pb_text][et_pb_text _builder_version=&#8221;4.16&#8243; _module_preset=&#8221;default&#8221; text_font=&#8221;||||||||&#8221; text_text_color=&#8221;#7a7a7a&#8221; text_font_size=&#8221;15px&#8221; text_line_height=&#8221;1.3em&#8221; text_font_size_tablet=&#8221;15px&#8221; text_font_size_phone=&#8221;15px&#8221; text_font_size_last_edited=&#8221;on|desktop&#8221; text_line_height_tablet=&#8221;1.3em&#8221; text_line_height_phone=&#8221;1.3em&#8221; text_line_height_last_edited=&#8221;on|desktop&#8221; global_colors_info=&#8221;{}&#8221;]Grazie a una partnership con un fornitore locale \u00e8 possibile prenotare una mountain bike o una e-bike per fare il giro dei laghi, andare allo Stelvio o qualche bel sentieri di downhill e ritirarla direttamente da noi.[\/et_pb_text][\/et_pb_column][et_pb_column type=&#8221;1_3&#8243; _builder_version=&#8221;4.16&#8243; _module_preset=&#8221;default&#8221; global_colors_info=&#8221;{}&#8221;][et_pb_image src=&#8221;https:\/\/ristorosolena.it\/wp-content\/uploads\/2022\/03\/Ristoro-Solena-mini-foto4.jpg&#8221; title_text=&#8221;Ristoro-Solena-mini-foto4&#8243; _builder_version=&#8221;4.16&#8243; _module_preset=&#8221;default&#8221; custom_margin=&#8221;||8px|||&#8221; filter_saturate=&#8221;98%&#8221; filter_contrast=&#8221;111%&#8221; border_radii=&#8221;on|10px|10px|10px|10px&#8221; border_color_all=&#8221;RGBA(255,255,255,0)&#8221; global_colors_info=&#8221;{}&#8221;][\/et_pb_image][et_pb_text _builder_version=&#8221;4.16&#8243; _module_preset=&#8221;default&#8221; header_text_color=&#8221;#565656&#8243; header_font_size=&#8221;20px&#8221; header_letter_spacing=&#8221;-1px&#8221; header_line_height=&#8221;1.4em&#8221; custom_margin=&#8221;||14px||false|false&#8221; custom_margin_tablet=&#8221;||0px||false|false&#8221; custom_margin_phone=&#8221;||0px||false|false&#8221; custom_margin_last_edited=&#8221;on|desktop&#8221; custom_padding=&#8221;||||false|false&#8221; custom_padding_tablet=&#8221;||||false|false&#8221; custom_padding_phone=&#8221;||||false|false&#8221; custom_padding_last_edited=&#8221;on|desktop&#8221; header_text_align_tablet=&#8221;&#8221; header_text_align_phone=&#8221;&#8221; header_text_align_last_edited=&#8221;on|desktop&#8221; header_font_size_tablet=&#8221;20px&#8221; header_font_size_phone=&#8221;22px&#8221; header_font_size_last_edited=&#8221;on|desktop&#8221; header_letter_spacing_tablet=&#8221;-1px&#8221; header_letter_spacing_phone=&#8221;-1px&#8221; header_letter_spacing_last_edited=&#8221;on|phone&#8221; header_line_height_tablet=&#8221;&#8221; header_line_height_phone=&#8221;&#8221; header_line_height_last_edited=&#8221;on|desktop&#8221; global_colors_info=&#8221;{%22gcid-4ae55a87-173f-4b37-b42c-bfdc4f63c3da%22:%91%22header_text_color%22%93}&#8221;]<\/p>\n<h1>Hiking\/Climbing<\/h1>\n<p>[\/et_pb_text][et_pb_text _builder_version=&#8221;4.16&#8243; _module_preset=&#8221;default&#8221; text_font=&#8221;||||||||&#8221; text_text_color=&#8221;#7a7a7a&#8221; text_font_size=&#8221;15px&#8221; text_line_height=&#8221;1.3em&#8221; text_font_size_tablet=&#8221;15px&#8221; text_font_size_phone=&#8221;15px&#8221; text_font_size_last_edited=&#8221;on|desktop&#8221; text_line_height_tablet=&#8221;1.3em&#8221; text_line_height_phone=&#8221;1.3em&#8221; text_line_height_last_edited=&#8221;on|desktop&#8221; global_colors_info=&#8221;{}&#8221;]A 800 metri dal rifugio c\u2019\u00e8 una delle palestre di arrampicata esterne pi\u00f9 belle dell\u2019alta Valtellina. Vie con diversi livelli, possibile prenotare un istruttore che vi insegner\u00e0 questo bellissimo sport.[\/et_pb_text][\/et_pb_column][\/et_pb_row][et_pb_row column_structure=&#8221;1_3,2_3&#8243; _builder_version=&#8221;4.16&#8243; _module_preset=&#8221;default&#8221; background_color=&#8221;#FFFFFF&#8221; custom_margin=&#8221;30px||||false|false&#8221; border_radii=&#8221;on|10px|10px|10px|10px&#8221; global_colors_info=&#8221;{}&#8221;][et_pb_column type=&#8221;1_3&#8243; _builder_version=&#8221;4.16&#8243; _module_preset=&#8221;default&#8221; global_colors_info=&#8221;{}&#8221;][et_pb_image src=&#8221;https:\/\/ristorosolena.it\/wp-content\/uploads\/2022\/06\/logo-bormio-360.jpg&#8221; title_text=&#8221;logo-bormio-360&#8243; _builder_version=&#8221;4.16&#8243; _module_preset=&#8221;default&#8221; width=&#8221;55%&#8221; width_tablet=&#8221;25%&#8221; width_phone=&#8221;38%&#8221; width_last_edited=&#8221;on|phone&#8221; module_alignment=&#8221;center&#8221; custom_margin=&#8221;||8px|||&#8221; filter_saturate=&#8221;98%&#8221; filter_contrast=&#8221;111%&#8221; border_radii=&#8221;on|10px|10px|10px|10px&#8221; border_color_all=&#8221;RGBA(255,255,255,0)&#8221; global_colors_info=&#8221;{}&#8221;][\/et_pb_image][\/et_pb_column][et_pb_column type=&#8221;2_3&#8243; _builder_version=&#8221;4.16&#8243; _module_preset=&#8221;default&#8221; global_colors_info=&#8221;{}&#8221;][et_pb_text _builder_version=&#8221;4.16&#8243; _module_preset=&#8221;default&#8221; header_text_color=&#8221;#565656&#8243; header_font_size=&#8221;20px&#8221; header_letter_spacing=&#8221;-1px&#8221; header_line_height=&#8221;1.4em&#8221; custom_margin=&#8221;||0px||false|false&#8221; custom_margin_tablet=&#8221;||0px||false|false&#8221; custom_margin_phone=&#8221;||0px||false|false&#8221; custom_margin_last_edited=&#8221;on|desktop&#8221; custom_padding=&#8221;|20px||20px|false|false&#8221; custom_padding_tablet=&#8221;||||false|false&#8221; custom_padding_phone=&#8221;||||false|false&#8221; custom_padding_last_edited=&#8221;on|desktop&#8221; header_text_align_tablet=&#8221;&#8221; header_text_align_phone=&#8221;&#8221; header_text_align_last_edited=&#8221;on|desktop&#8221; header_font_size_tablet=&#8221;20px&#8221; header_font_size_phone=&#8221;22px&#8221; header_font_size_last_edited=&#8221;on|desktop&#8221; header_letter_spacing_tablet=&#8221;-1px&#8221; header_letter_spacing_phone=&#8221;-1px&#8221; header_letter_spacing_last_edited=&#8221;on|phone&#8221; header_line_height_tablet=&#8221;&#8221; header_line_height_phone=&#8221;&#8221; header_line_height_last_edited=&#8221;on|desktop&#8221; locked=&#8221;off&#8221; global_colors_info=&#8221;{%22gcid-4ae55a87-173f-4b37-b42c-bfdc4f63c3da%22:%91%22header_text_color%22%93}&#8221;]<\/p>\n<h1>Bormio360 passa da noi<\/h1>\n<p>[\/et_pb_text][et_pb_text _builder_version=&#8221;4.16&#8243; _module_preset=&#8221;default&#8221; text_font=&#8221;||||||||&#8221; text_text_color=&#8221;#7a7a7a&#8221; text_font_size=&#8221;15px&#8221; text_line_height=&#8221;1.3em&#8221; custom_padding=&#8221;|20px|20px|20px|false|false&#8221; text_font_size_tablet=&#8221;15px&#8221; text_font_size_phone=&#8221;15px&#8221; text_font_size_last_edited=&#8221;on|desktop&#8221; text_line_height_tablet=&#8221;1.3em&#8221; text_line_height_phone=&#8221;1.3em&#8221; text_line_height_last_edited=&#8221;on|desktop&#8221; global_colors_info=&#8221;{}&#8221;]<\/p>\n<p>Bormio a 360\u00b0. Un percorso ad anello per gli appassionati di outdoor che sovrasta tutta Bormio, da Valdidentro a Valfurva, da Valdisotto a Sondalo! Il trail Bormio 360 \u00e8 un percorso per escursionisti, bici MTB ed e-bike lungo ben 140 km suddiviso in 10 emozionanti tappe che vi porteranno alla scoperta di angoli inediti della Magnifica Terra.<\/p>\n<p><a href=\"https:\/\/www.bormio360.eu\/tappe\/sentiero-dell-acqua\/\">LA TAPPA: IL SENTIERO DELL&#8217;ACQUA\u00a0<\/a><\/p>\n<p>[\/et_pb_text][\/et_pb_column][\/et_pb_row][\/et_pb_section][et_pb_section fb_built=&#8221;1&#8243; custom_padding_last_edited=&#8221;on|phone&#8221; module_id=&#8221;contatti&#8221; _builder_version=&#8221;4.14.8&#8243; _module_preset=&#8221;default&#8221; background_color=&#8221;rgba(0,0,0,0.81)&#8221; background_image=&#8221;https:\/\/ristorosolena.it\/wp-content\/uploads\/2022\/03\/Ristoro-Solena-foto4.jpg&#8221; background_blend=&#8221;color&#8221; custom_margin_tablet=&#8221;&#8221; custom_margin_phone=&#8221;&#8221; custom_margin_last_edited=&#8221;on|desktop&#8221; custom_padding=&#8221;191px||225px||false|false&#8221; custom_padding_tablet=&#8221;150px||170px||false|false&#8221; custom_padding_phone=&#8221;60px||80px||false|false&#8221; global_module=&#8221;162&#8243; saved_tabs=&#8221;all&#8221; global_colors_info=&#8221;{}&#8221;][et_pb_row column_structure=&#8221;1_2,1_2&#8243; use_custom_gutter=&#8221;on&#8221; custom_padding_last_edited=&#8221;on|desktop&#8221; _builder_version=&#8221;4.16&#8243; _module_preset=&#8221;default&#8221; width=&#8221;60%&#8221; width_tablet=&#8221;60%&#8221; width_phone=&#8221;100%&#8221; width_last_edited=&#8221;on|desktop&#8221; custom_margin=&#8221;||0px||false|false&#8221; custom_margin_tablet=&#8221;||0px||false|false&#8221; custom_margin_phone=&#8221;|0px|0px|0px|false|false&#8221; custom_margin_last_edited=&#8221;on|phone&#8221; custom_padding=&#8221;||10px||false|false&#8221; custom_padding_tablet=&#8221;||10px||false|false&#8221; custom_padding_phone=&#8221;|20px|0px|20px|false|false&#8221; global_colors_info=&#8221;{}&#8221;][et_pb_column type=&#8221;1_2&#8243; _builder_version=&#8221;4.16&#8243; _module_preset=&#8221;default&#8221; global_colors_info=&#8221;{}&#8221;][et_pb_text _builder_version=&#8221;4.16&#8243; _module_preset=&#8221;default&#8221; text_font=&#8221;|700|||||||&#8221; text_text_color=&#8221;#FFFFFF&#8221; text_font_size=&#8221;44px&#8221; text_line_height=&#8221;1em&#8221; width=&#8221;100%&#8221; text_font_size_tablet=&#8221;40px&#8221; text_font_size_phone=&#8221;30px&#8221; text_font_size_last_edited=&#8221;on|desktop&#8221; text_line_height_tablet=&#8221;1em&#8221; text_line_height_phone=&#8221;1em&#8221; text_line_height_last_edited=&#8221;on|desktop&#8221; global_colors_info=&#8221;{}&#8221;]<\/p>\n<p>Contattaci<\/p>\n<p>[\/et_pb_text][et_pb_text _builder_version=&#8221;4.17.5&#8243; _module_preset=&#8221;default&#8221; header_text_color=&#8221;#FFFFFF&#8221; header_font_size=&#8221;22px&#8221; header_line_height=&#8221;1.4em&#8221; custom_margin=&#8221;||||false|false&#8221; custom_margin_tablet=&#8221;||0px||false|false&#8221; custom_margin_phone=&#8221;||0px||false|false&#8221; custom_margin_last_edited=&#8221;on|desktop&#8221; custom_padding=&#8221;||30px||false|false&#8221; custom_padding_tablet=&#8221;||||false|false&#8221; custom_padding_phone=&#8221;||||false|false&#8221; custom_padding_last_edited=&#8221;on|desktop&#8221; header_text_align_tablet=&#8221;&#8221; header_text_align_phone=&#8221;&#8221; header_text_align_last_edited=&#8221;on|desktop&#8221; header_font_size_tablet=&#8221;22px&#8221; header_font_size_phone=&#8221;18px&#8221; header_font_size_last_edited=&#8221;on|phone&#8221; header_letter_spacing_tablet=&#8221;&#8221; header_letter_spacing_phone=&#8221;&#8221; header_letter_spacing_last_edited=&#8221;on|desktop&#8221; header_line_height_tablet=&#8221;&#8221; header_line_height_phone=&#8221;&#8221; header_line_height_last_edited=&#8221;on|desktop&#8221; global_colors_info=&#8221;{%22gcid-4ae55a87-173f-4b37-b42c-bfdc4f63c3da%22:%91%22header_text_color%22%93}&#8221;]<\/p>\n<h1>Scrivici per avere informazioni sui nostri servizi e attivit\u00e0:<\/h1>\n<p>[\/et_pb_text][et_pb_contact_form email=&#8221;architetto.compagnoni@gmail.com, info@ristorosolena.it&#8221; submit_button_text=&#8221;INVIA&#8221; _builder_version=&#8221;4.17.5&#8243; _module_preset=&#8221;default&#8221; _unique_id=&#8221;319ca131-b340-4ea9-804f-c25bb8c6f944&#8243; captcha_text_color=&#8221;#cecece&#8221; custom_button=&#8221;on&#8221; button_text_size=&#8221;17px&#8221; button_text_color=&#8221;#ffffff&#8221; button_bg_color=&#8221;#ed9436&#8243; button_border_width=&#8221;0px&#8221; button_border_radius=&#8221;5px&#8221; button_letter_spacing=&#8221;2px&#8221; button_font=&#8221;|||on|||||&#8221; border_radii=&#8221;on|10px|10px|10px|10px&#8221; global_colors_info=&#8221;{}&#8221;][et_pb_contact_field field_id=&#8221;Name&#8221; field_title=&#8221;Nome&#8221; _builder_version=&#8221;4.16&#8243; global_colors_info=&#8221;{}&#8221; button_text_size__hover_enabled=&#8221;off&#8221; button_one_text_size__hover_enabled=&#8221;off&#8221; button_two_text_size__hover_enabled=&#8221;off&#8221; button_text_color__hover_enabled=&#8221;off&#8221; button_one_text_color__hover_enabled=&#8221;off&#8221; button_two_text_color__hover_enabled=&#8221;off&#8221; button_border_width__hover_enabled=&#8221;off&#8221; button_one_border_width__hover_enabled=&#8221;off&#8221; button_two_border_width__hover_enabled=&#8221;off&#8221; button_border_color__hover_enabled=&#8221;off&#8221; button_one_border_color__hover_enabled=&#8221;off&#8221; button_two_border_color__hover_enabled=&#8221;off&#8221; button_border_radius__hover_enabled=&#8221;off&#8221; button_one_border_radius__hover_enabled=&#8221;off&#8221; button_two_border_radius__hover_enabled=&#8221;off&#8221; button_letter_spacing__hover_enabled=&#8221;off&#8221; button_one_letter_spacing__hover_enabled=&#8221;off&#8221; button_two_letter_spacing__hover_enabled=&#8221;off&#8221; button_bg_color__hover_enabled=&#8221;off&#8221; button_one_bg_color__hover_enabled=&#8221;off&#8221; button_two_bg_color__hover_enabled=&#8221;off&#8221;][\/et_pb_contact_field][et_pb_contact_field field_id=&#8221;Telefono&#8221; field_title=&#8221;Telefono&#8221; required_mark=&#8221;off&#8221; _builder_version=&#8221;4.16&#8243; global_colors_info=&#8221;{}&#8221; button_text_size__hover_enabled=&#8221;off&#8221; button_one_text_size__hover_enabled=&#8221;off&#8221; button_two_text_size__hover_enabled=&#8221;off&#8221; button_text_color__hover_enabled=&#8221;off&#8221; button_one_text_color__hover_enabled=&#8221;off&#8221; button_two_text_color__hover_enabled=&#8221;off&#8221; button_border_width__hover_enabled=&#8221;off&#8221; button_one_border_width__hover_enabled=&#8221;off&#8221; button_two_border_width__hover_enabled=&#8221;off&#8221; button_border_color__hover_enabled=&#8221;off&#8221; button_one_border_color__hover_enabled=&#8221;off&#8221; button_two_border_color__hover_enabled=&#8221;off&#8221; button_border_radius__hover_enabled=&#8221;off&#8221; button_one_border_radius__hover_enabled=&#8221;off&#8221; button_two_border_radius__hover_enabled=&#8221;off&#8221; button_letter_spacing__hover_enabled=&#8221;off&#8221; button_one_letter_spacing__hover_enabled=&#8221;off&#8221; button_two_letter_spacing__hover_enabled=&#8221;off&#8221; button_bg_color__hover_enabled=&#8221;off&#8221; button_one_bg_color__hover_enabled=&#8221;off&#8221; button_two_bg_color__hover_enabled=&#8221;off&#8221;][\/et_pb_contact_field][et_pb_contact_field field_id=&#8221;Email&#8221; field_title=&#8221;Indirizzo e-mail&#8221; field_type=&#8221;email&#8221; fullwidth_field=&#8221;on&#8221; _builder_version=&#8221;4.16&#8243; global_colors_info=&#8221;{}&#8221; button_text_size__hover_enabled=&#8221;off&#8221; button_one_text_size__hover_enabled=&#8221;off&#8221; button_two_text_size__hover_enabled=&#8221;off&#8221; button_text_color__hover_enabled=&#8221;off&#8221; button_one_text_color__hover_enabled=&#8221;off&#8221; button_two_text_color__hover_enabled=&#8221;off&#8221; button_border_width__hover_enabled=&#8221;off&#8221; button_one_border_width__hover_enabled=&#8221;off&#8221; button_two_border_width__hover_enabled=&#8221;off&#8221; button_border_color__hover_enabled=&#8221;off&#8221; button_one_border_color__hover_enabled=&#8221;off&#8221; button_two_border_color__hover_enabled=&#8221;off&#8221; button_border_radius__hover_enabled=&#8221;off&#8221; button_one_border_radius__hover_enabled=&#8221;off&#8221; button_two_border_radius__hover_enabled=&#8221;off&#8221; button_letter_spacing__hover_enabled=&#8221;off&#8221; button_one_letter_spacing__hover_enabled=&#8221;off&#8221; button_two_letter_spacing__hover_enabled=&#8221;off&#8221; button_bg_color__hover_enabled=&#8221;off&#8221; button_one_bg_color__hover_enabled=&#8221;off&#8221; button_two_bg_color__hover_enabled=&#8221;off&#8221;][\/et_pb_contact_field][et_pb_contact_field field_id=&#8221;Message&#8221; field_title=&#8221;Messaggio&#8221; field_type=&#8221;text&#8221; fullwidth_field=&#8221;on&#8221; _builder_version=&#8221;4.16&#8243; global_colors_info=&#8221;{}&#8221; button_text_size__hover_enabled=&#8221;off&#8221; button_one_text_size__hover_enabled=&#8221;off&#8221; button_two_text_size__hover_enabled=&#8221;off&#8221; button_text_color__hover_enabled=&#8221;off&#8221; button_one_text_color__hover_enabled=&#8221;off&#8221; button_two_text_color__hover_enabled=&#8221;off&#8221; button_border_width__hover_enabled=&#8221;off&#8221; button_one_border_width__hover_enabled=&#8221;off&#8221; button_two_border_width__hover_enabled=&#8221;off&#8221; button_border_color__hover_enabled=&#8221;off&#8221; button_one_border_color__hover_enabled=&#8221;off&#8221; button_two_border_color__hover_enabled=&#8221;off&#8221; button_border_radius__hover_enabled=&#8221;off&#8221; button_one_border_radius__hover_enabled=&#8221;off&#8221; button_two_border_radius__hover_enabled=&#8221;off&#8221; button_letter_spacing__hover_enabled=&#8221;off&#8221; button_one_letter_spacing__hover_enabled=&#8221;off&#8221; button_two_letter_spacing__hover_enabled=&#8221;off&#8221; button_bg_color__hover_enabled=&#8221;off&#8221; button_one_bg_color__hover_enabled=&#8221;off&#8221; button_two_bg_color__hover_enabled=&#8221;off&#8221;][\/et_pb_contact_field][et_pb_contact_field field_id=&#8221;privacy&#8221; field_title=&#8221;Police Privacy&#8221; field_type=&#8221;radio&#8221; radio_options=&#8221;%91{%22value%22:%22Accetto il trattamento dei miei dati come descritto nell&#8217;informativa Privacy, presente sul sito, che ho letto e compreso%22,%22checked%22:0,%22dragID%22:-1}%93&#8243; fullwidth_field=&#8221;on&#8221; _builder_version=&#8221;4.16&#8243; _module_preset=&#8221;default&#8221; form_field_text_color=&#8221;#FFFFFF&#8221; form_field_font_size=&#8221;13px&#8221; global_colors_info=&#8221;{}&#8221;][\/et_pb_contact_field][\/et_pb_contact_form][\/et_pb_column][et_pb_column type=&#8221;1_2&#8243; _builder_version=&#8221;4.16&#8243; _module_preset=&#8221;default&#8221; global_colors_info=&#8221;{}&#8221;][et_pb_text _builder_version=&#8221;4.16&#8243; _module_preset=&#8221;default&#8221; text_font=&#8221;|700|||||||&#8221; text_text_color=&#8221;#FFFFFF&#8221; text_font_size=&#8221;44px&#8221; text_line_height=&#8221;1em&#8221; width=&#8221;100%&#8221; text_font_size_tablet=&#8221;40px&#8221; text_font_size_phone=&#8221;30px&#8221; text_font_size_last_edited=&#8221;on|desktop&#8221; text_line_height_tablet=&#8221;1em&#8221; text_line_height_phone=&#8221;1em&#8221; text_line_height_last_edited=&#8221;on|desktop&#8221; global_colors_info=&#8221;{}&#8221;]<\/p>\n<p>Dove siamo<\/p>\n<p>[\/et_pb_text][et_pb_text _builder_version=&#8221;4.16&#8243; _module_preset=&#8221;default&#8221; header_text_color=&#8221;#FFFFFF&#8221; header_font_size=&#8221;22px&#8221; header_line_height=&#8221;1.4em&#8221; custom_margin=&#8221;||||false|false&#8221; custom_margin_tablet=&#8221;||0px||false|false&#8221; custom_margin_phone=&#8221;||0px||false|false&#8221; custom_margin_last_edited=&#8221;on|desktop&#8221; custom_padding=&#8221;||30px||false|false&#8221; custom_padding_tablet=&#8221;||||false|false&#8221; custom_padding_phone=&#8221;||||false|false&#8221; custom_padding_last_edited=&#8221;on|desktop&#8221; header_text_align_tablet=&#8221;&#8221; header_text_align_phone=&#8221;&#8221; header_text_align_last_edited=&#8221;on|desktop&#8221; header_font_size_tablet=&#8221;22px&#8221; header_font_size_phone=&#8221;18px&#8221; header_font_size_last_edited=&#8221;on|phone&#8221; header_letter_spacing_tablet=&#8221;&#8221; header_letter_spacing_phone=&#8221;&#8221; header_letter_spacing_last_edited=&#8221;on|desktop&#8221; header_line_height_tablet=&#8221;&#8221; header_line_height_phone=&#8221;&#8221; header_line_height_last_edited=&#8221;on|desktop&#8221; global_colors_info=&#8221;{%22gcid-4ae55a87-173f-4b37-b42c-bfdc4f63c3da%22:%91%22header_text_color%22%93}&#8221;]<\/p>\n<h1>Cancano &#8211; Valle di Fraele<\/p>\n<p>23038 Valdidentro SO<\/p>\n<p>Tel. 348 73 66 439<\/h1>\n<p>[\/et_pb_text][et_pb_social_media_follow use_icon_font_size=&#8221;on&#8221; icon_font_size=&#8221;20px&#8221; _builder_version=&#8221;4.17.5&#8243; _module_preset=&#8221;default&#8221; text_orientation=&#8221;left&#8221; width=&#8221;100%&#8221; custom_margin=&#8221;||||false|false&#8221; custom_margin_tablet=&#8221;||||false|false&#8221; custom_margin_phone=&#8221;||||false|false&#8221; custom_margin_last_edited=&#8221;on|phone&#8221; custom_padding=&#8221;20px||||false|false&#8221; custom_padding_tablet=&#8221;||||false|false&#8221; custom_padding_phone=&#8221;0px||||false|false&#8221; custom_padding_last_edited=&#8221;on|desktop&#8221; text_orientation_tablet=&#8221;right&#8221; text_orientation_phone=&#8221;right&#8221; text_orientation_last_edited=&#8221;on|desktop&#8221; locked=&#8221;off&#8221; global_colors_info=&#8221;{}&#8221;][et_pb_social_media_follow_network social_network=&#8221;facebook&#8221; url=&#8221;https:\/\/www.facebook.com\/ristororifugiosolena&#8221; _builder_version=&#8221;4.17.5&#8243; _module_preset=&#8221;default&#8221; background_color=&#8221;#3b5998&#8243; global_colors_info=&#8221;{}&#8221; follow_button=&#8221;off&#8221; url_new_window=&#8221;on&#8221;]facebook[\/et_pb_social_media_follow_network][et_pb_social_media_follow_network social_network=&#8221;instagram&#8221; url=&#8221;https:\/\/www.instagram.com\/ristororifugiosolena\/&#8221; _builder_version=&#8221;4.17.4&#8243; _module_preset=&#8221;default&#8221; background_color=&#8221;#ea2c59&#8243; global_colors_info=&#8221;{}&#8221; follow_button=&#8221;off&#8221; url_new_window=&#8221;on&#8221;]instagram[\/et_pb_social_media_follow_network][\/et_pb_social_media_follow][et_pb_code _builder_version=&#8221;4.16&#8243; _module_preset=&#8221;default&#8221; global_colors_info=&#8221;{}&#8221;]<iframe src=\"https:\/\/www.google.com\/maps\/embed?pb=!1m14!1m8!1m3!1d10981.766930583739!2d10.3225349!3d46.5191601!3m2!1i1024!2i768!4f13.1!3m3!1m2!1s0x0%3A0x6e66a777948c2070!2sRifugio%20Ristoro%20Solena!5e0!3m2!1sit!2sit!4v1647337174999!5m2!1sit!2sit\" width=\"600\" height=\"450\" style=\"border:0;\" allowfullscreen=\"\" loading=\"lazy\"><\/iframe>[\/et_pb_code][\/et_pb_column][\/et_pb_row][\/et_pb_section]<\/p>\n","protected":false},"excerpt":{"rendered":"<p>Un posto come nessun altroIl rifugio solena venne costruito nel 1970 dalla famiglia Martinelli e tuttora viene gestito dalla stessa. Anselmo, il capo famiglia, amava tanto la sua Val Fraele dove aveva passato l\u2019infanzia con genitori, fratelli e zii quando ancora non erano presenti le grandi dighe costruite in valle. Tuttora la famiglia si impegna [&hellip;]<\/p>\n","protected":false},"author":2,"featured_media":0,"parent":0,"menu_order":0,"comment_status":"closed","ping_status":"closed","template":"","meta":{"_et_pb_use_builder":"on","_et_pb_old_content":"<!-- wp:divi\/placeholder \/-->","_et_gb_content_width":"","inline_featured_image":false,"footnotes":""},"class_list":["post-7","page","type-page","status-publish","hentry"],"_links":{"self":[{"href":"https:\/\/ristorosolena.it\/index.php?rest_route=\/wp\/v2\/pages\/7","targetHints":{"allow":["GET"]}}],"collection":[{"href":"https:\/\/ristorosolena.it\/index.php?rest_route=\/wp\/v2\/pages"}],"about":[{"href":"https:\/\/ristorosolena.it\/index.php?rest_route=\/wp\/v2\/types\/page"}],"author":[{"embeddable":true,"href":"https:\/\/ristorosolena.it\/index.php?rest_route=\/wp\/v2\/users\/2"}],"replies":[{"embeddable":true,"href":"https:\/\/ristorosolena.it\/index.php?rest_route=%2Fwp%2Fv2%2Fcomments&post=7"}],"version-history":[{"count":17,"href":"https:\/\/ristorosolena.it\/index.php?rest_route=\/wp\/v2\/pages\/7\/revisions"}],"predecessor-version":[{"id":615,"href":"https:\/\/ristorosolena.it\/index.php?rest_route=\/wp\/v2\/pages\/7\/revisions\/615"}],"wp:attachment":[{"href":"https:\/\/ristorosolena.it\/index.php?rest_route=%2Fwp%2Fv2%2Fmedia&parent=7"}],"curies":[{"name":"wp","href":"https:\/\/api.w.org\/{rel}","templated":true}]}}